{"id":54,"date":"2018-05-14T19:12:02","date_gmt":"2018-05-14T17:12:02","guid":{"rendered":"https:\/\/ff-kreiensen.de\/ff\/?page_id=54"},"modified":"2023-07-04T21:39:42","modified_gmt":"2023-07-04T19:39:42","slug":"fahrzeuge","status":"publish","type":"page","link":"https:\/\/ff-kreiensen.de\/ff\/fahrzeuge\/","title":{"rendered":"Fahrzeuge"},"content":{"rendered":"\n<p>In diesem Teil unserer Webseite m\u00f6chten wir Ihnen unsere Fahrzeuge ein wenig n\u00e4her vorstellen.<\/p>\n\n\n\n<h5 class=\"wp-block-heading\">LF 8<\/h5>\n\n\n<div class=\"wp-block-image\">\n<figure class=\"alignright size-full is-resized\"><a href=\"https:\/\/ff-kreiensen.de\/ff\/wp-content\/uploads\/2018\/05\/lf-front.jpg\"><img decoding=\"async\" src=\"https:\/\/ff-kreiensen.de\/ff\/wp-content\/uploads\/2018\/05\/lf-front.jpg\" alt=\"\" class=\"wp-image-214\" width=\"300\" srcset=\"https:\/\/ff-kreiensen.de\/ff\/wp-content\/uploads\/2018\/05\/lf-front.jpg 960w, https:\/\/ff-kreiensen.de\/ff\/wp-content\/uploads\/2018\/05\/lf-front-300x225.jpg 300w, https:\/\/ff-kreiensen.de\/ff\/wp-content\/uploads\/2018\/05\/lf-front-768x576.jpg 768w\" sizes=\"(max-width: 960px) 100vw, 960px\" \/><\/a><\/figure>\n<\/div>\n\n\n<p>Hersteller: Mercedes Schlingmann<\/p>\n\n\n\n<p>Baujahr: 1990<\/p>\n\n\n\n<p>Besatzungsst\u00e4rke: 1\/8<\/p>\n\n\n\n<p>Gewicht: 6,6t<\/p>\n\n\n\n<p>Besondere Beladung: Stromerzeuger,&nbsp; Hydraulisches&nbsp;Rettungsger\u00e4t, Tauchpumpe, Tragkraftspritze<\/p>\n\n\n\n<hr class=\"wp-block-separator has-css-opacity\"\/>\n\n\n\n<h5 class=\"wp-block-heading\">TLF 16\/25<\/h5>\n\n\n<div class=\"wp-block-image\">\n<figure class=\"alignright size-large is-resized\"><a href=\"https:\/\/ff-kreiensen.de\/ff\/wp-content\/uploads\/2019\/08\/IMG_20190806_181625-e1565157392512.jpg\"><img loading=\"lazy\" decoding=\"async\" src=\"https:\/\/ff-kreiensen.de\/ff\/wp-content\/uploads\/2019\/08\/IMG_20190806_181625-1024x768.jpg\" alt=\"\" class=\"wp-image-1062\" width=\"300\" height=\"225\"\/><\/a><\/figure>\n<\/div>\n\n\n<p>Hersteller: Iveco Magirus<\/p>\n\n\n\n<p>Baujahr: 1990<\/p>\n\n\n\n<p>Besatzungsst\u00e4rke: 1\/7<\/p>\n\n\n\n<p>Gewicht: 12t<\/p>\n\n\n\n<p>Besondere Beladung: Stromerzeuger, elektrischer \u00dcberdruckl\u00fcfter, Atemschutznotfallausr\u00fcstung, W\u00e4rmebildkamera, Gasmessger\u00e4t, Mehrzweckzug, Schmutzwasserpumpe<\/p>\n\n\n\n<hr class=\"wp-block-separator has-css-opacity\"\/>\n\n\n\n<h5 class=\"wp-block-heading\">MTW<\/h5>\n\n\n<div class=\"wp-block-image\">\n<figure class=\"alignright size-large is-resized\"><a href=\"https:\/\/ff-kreiensen.de\/ff\/wp-content\/uploads\/2021\/04\/8CE9EE77-ED2F-47F8-85EB-6A393C31CEA2-scaled-e1618219360827.jpeg\"><img decoding=\"async\" src=\"https:\/\/ff-kreiensen.de\/ff\/wp-content\/uploads\/2021\/04\/8CE9EE77-ED2F-47F8-85EB-6A393C31CEA2-1024x768.jpeg\" alt=\"\" class=\"wp-image-1299\" width=\"300\"\/><\/a><\/figure>\n<\/div>\n\n\n<p>Hersteller: Opel<\/p>\n\n\n\n<p>Baujahr: 2020<\/p>\n\n\n\n<p>Besatzungsst\u00e4rke: 1\/8<\/p>\n\n\n\n<p>Gewicht: 2,8t<\/p>\n\n\n\n<p>Besondere Beladung: Verkehrssicherungsmaterial<\/p>\n\n\n\n<br \/> <br \/>\n\n\n\n<hr class=\"wp-block-separator has-css-opacity\"\/>\n\n\n\n<h5 class=\"wp-block-heading\">TSF (LG Billerbeck)<\/h5>\n\n\n<div class=\"wp-block-image\">\n<figure class=\"alignright size-large is-resized\"><a href=\"https:\/\/ff-kreiensen.de\/ff\/wp-content\/uploads\/2023\/07\/IMG_0298-scaled.jpeg\"><img loading=\"lazy\" decoding=\"async\" src=\"https:\/\/ff-kreiensen.de\/ff\/wp-content\/uploads\/2023\/07\/IMG_0298-1024x768.jpeg\" alt=\"\" class=\"wp-image-1980\" width=\"300\" height=\"225\" srcset=\"https:\/\/ff-kreiensen.de\/ff\/wp-content\/uploads\/2023\/07\/IMG_0298-1024x768.jpeg 1024w, https:\/\/ff-kreiensen.de\/ff\/wp-content\/uploads\/2023\/07\/IMG_0298-300x225.jpeg 300w, https:\/\/ff-kreiensen.de\/ff\/wp-content\/uploads\/2023\/07\/IMG_0298-768x576.jpeg 768w, https:\/\/ff-kreiensen.de\/ff\/wp-content\/uploads\/2023\/07\/IMG_0298-1536x1152.jpeg 1536w, https:\/\/ff-kreiensen.de\/ff\/wp-content\/uploads\/2023\/07\/IMG_0298-2048x1536.jpeg 2048w\" sizes=\"auto, (max-width: 300px) 100vw, 300px\" \/><\/a><\/figure>\n<\/div>\n\n\n<p>Hersteller: Opel<\/p>\n\n\n\n<p>Baujahr: 2008<\/p>\n\n\n\n<p>Besatzungsst\u00e4rke: 1\/5<\/p>\n\n\n\n<p>Gewicht: 3,5t<\/p>\n\n\n\n<br \/><br \/> <br \/><br \/> <br \/>\n\n\n\n<br \/> <br \/>\n","protected":false},"excerpt":{"rendered":"<p>In diesem Teil unserer Webseite m\u00f6chten wir Ihnen unsere Fahrzeuge ein wenig n\u00e4her vorstellen. LF 8 Hersteller: Mercedes Schlingmann Baujahr: 1990 Besatzungsst\u00e4rke: 1\/8 Gewicht: 6,6t Besondere Beladung: Stromerzeuger,&nbsp; Hydraulisches&nbsp;Rettungsger\u00e4t, Tauchpumpe, Tragkraftspritze TLF 16\/25 Hersteller: Iveco Magirus Baujahr: 1990 Besatzungsst\u00e4rke: 1\/7 Gewicht: 12t Besondere Beladung: Stromerzeuger, elektrischer \u00dcberdruckl\u00fcfter, Atemschutznotfallausr\u00fcstung, W\u00e4rmebildkamera, Gasmessger\u00e4t, [&hellip;]<\/p>\n","protected":false},"author":1,"featured_media":178,"parent":0,"menu_order":0,"comment_status":"closed","ping_status":"closed","template":"","meta":{"footnotes":""},"class_list":["post-54","page","type-page","status-publish","has-post-thumbnail","hentry"],"_links":{"self":[{"href":"https:\/\/ff-kreiensen.de\/ff\/wp-json\/wp\/v2\/pages\/54","targetHints":{"allow":["GET"]}}],"collection":[{"href":"https:\/\/ff-kreiensen.de\/ff\/wp-json\/wp\/v2\/pages"}],"about":[{"href":"https:\/\/ff-kreiensen.de\/ff\/wp-json\/wp\/v2\/types\/page"}],"author":[{"embeddable":true,"href":"https:\/\/ff-kreiensen.de\/ff\/wp-json\/wp\/v2\/users\/1"}],"replies":[{"embeddable":true,"href":"https:\/\/ff-kreiensen.de\/ff\/wp-json\/wp\/v2\/comments?post=54"}],"version-history":[{"count":0,"href":"https:\/\/ff-kreiensen.de\/ff\/wp-json\/wp\/v2\/pages\/54\/revisions"}],"wp:featuredmedia":[{"embeddable":true,"href":"https:\/\/ff-kreiensen.de\/ff\/wp-json\/wp\/v2\/media\/178"}],"wp:attachment":[{"href":"https:\/\/ff-kreiensen.de\/ff\/wp-json\/wp\/v2\/media?parent=54"}],"curies":[{"name":"wp","href":"https:\/\/api.w.org\/{rel}","templated":true}]}}